{"id":2628,"date":"2024-09-22T19:12:54","date_gmt":"2024-09-22T17:12:54","guid":{"rendered":"https:\/\/www.obernussdorf.sk\/?page_id=2628"},"modified":"2025-07-16T10:08:52","modified_gmt":"2025-07-16T08:08:52","slug":"domov","status":"publish","type":"page","link":"https:\/\/www.obernussdorf.sk\/en\/","title":{"rendered":"Domov"},"content":{"rendered":"<div data-elementor-type=\"wp-page\" data-elementor-id=\"2628\" class=\"elementor elementor-2628\" data-elementor-post-type=\"page\">\n\t\t\t\t<div class=\"elementor-element elementor-element-0c5bdf4 e-flex e-con-boxed e-con e-parent\" data-id=\"0c5bdf4\" data-element_type=\"container\" data-e-type=\"container\">\n\t\t\t\t\t<div class=\"e-con-inner\">\n\t\t\t\t<div class=\"elementor-element elementor-element-5c690f4 elementor-widget elementor-widget-heading\" data-id=\"5c690f4\" data-element_type=\"widget\" data-e-type=\"widget\" data-widget_type=\"heading.default\">\n\t\t\t\t\t<h2 class=\"elementor-heading-title elementor-size-default\">Aktuality<\/h2>\t\t\t\t<\/div>\n\t\t\t\t<div class=\"elementor-element elementor-element-50b2c03 elementor-widget elementor-widget-text-editor\" data-id=\"50b2c03\" data-element_type=\"widget\" data-e-type=\"widget\" data-widget_type=\"text-editor.default\">\n\t\t\t\t\t\t\t\t\t<p style=\"text-align: center;\">Pr\u00e1ve sa deje.<\/p>\t\t\t\t\t\t\t\t<\/div>\n\t\t\t\t<div class=\"elementor-element elementor-element-e931285 dce-posts-layout-template dce-col-3 dce-col-tablet-2 dce-col-mobile-1 elementor-widget elementor-widget-dce-dynamicposts-v2\" data-id=\"e931285\" data-element_type=\"widget\" data-e-type=\"widget\" data-settings=\"{&quot;style_items&quot;:&quot;template&quot;,&quot;templatemode_linkable&quot;:&quot;yes&quot;,&quot;grid_match_height&quot;:&quot;yes&quot;,&quot;grid_match_height_by_row&quot;:&quot;true&quot;,&quot;grid_grid_type&quot;:&quot;flex&quot;}\" data-widget_type=\"dce-dynamicposts-v2.grid\">\n\t\t\t\t<div class=\"elementor-widget-container\">\n\t\t\t\t\t\n\t\t<div class=\"dce-fix-background-loop dce-posts-container dce-posts dce-dynamic-posts-collection  dce-skin-grid dce-skin-grid-flex\">\n\t\t\t\t\t\t<div class=\"dce-posts-wrapper dce-wrapper-grid\">\n\t\t\t\n\t\t<article class=\"post-3924 post type-post status-publish format-standard has-post-thumbnail hentry category-clanky category-aktuality tag-26 dce-post dce-post-item dce-item-grid\" data-dce-post-id=\"3924\" data-dce-post-index=\"0\" data-post-link=\"https:\/\/www.obernussdorf.sk\/en\/2026\/clanky\/vase-2-sa-rataju\/\">\n\t\t\t<div class=\"dce-post-block\">\n\t\t<style id=\"loop-3002\">.elementor-3002 .elementor-element.elementor-element-afddaea{--display:flex;--flex-direction:column;--container-widget-width:100%;--container-widget-height:initial;--container-widget-flex-grow:0;--container-widget-align-self:initial;--flex-wrap-mobile:wrap;--gap:0px 0px;--row-gap:0px;--column-gap:0px;--flex-wrap:wrap;}.elementor-3002 .elementor-element.elementor-element-6a08692{margin:0em 0em calc(var(--kit-widget-spacing, 0px) + 1em) 0em;}.elementor-3002 .elementor-element.elementor-element-becab71{text-align:center;margin:0em 0em calc(var(--kit-widget-spacing, 0px) + 1em) 0em;padding:0em 0em 0em 0em;}.elementor-3002 .elementor-element.elementor-element-becab71 .elementor-heading-title{font-size:1.4em;}.elementor-3002 .elementor-element.elementor-element-c7ca9dd{text-align:center;font-family:var( --e-global-typography-text-font-family ), Sans-serif;font-size:var( --e-global-typography-text-font-size );font-weight:var( --e-global-typography-text-font-weight );letter-spacing:var( --e-global-typography-text-letter-spacing );color:var( --e-global-color-text );margin:0em 0em calc(var(--kit-widget-spacing, 0px) + -1em) 0em;padding:0em 0em 0em 0em;}.elementor-3002 .elementor-element.elementor-element-e6aaae0 .elementor-button{font-size:var( --e-global-typography-e80e5f9-font-size );text-transform:var( --e-global-typography-e80e5f9-text-transform );font-style:var( --e-global-typography-e80e5f9-font-style );text-decoration:var( --e-global-typography-e80e5f9-text-decoration );line-height:var( --e-global-typography-e80e5f9-line-height );letter-spacing:var( --e-global-typography-e80e5f9-letter-spacing );word-spacing:var( --e-global-typography-e80e5f9-word-spacing );fill:var( --e-global-color-text );color:var( --e-global-color-text );background-color:var( --e-global-color-4a39a64 );border-style:none;border-radius:0px 0px 0px 0px;padding:0px 0px 0px 0px;}.elementor-3002 .elementor-element.elementor-element-e6aaae0 .elementor-button:hover, .elementor-3002 .elementor-element.elementor-element-e6aaae0 .elementor-button:focus{color:var( --e-global-color-bd936e0 );}.elementor-3002 .elementor-element.elementor-element-e6aaae0 .elementor-button:hover svg, .elementor-3002 .elementor-element.elementor-element-e6aaae0 .elementor-button:focus svg{fill:var( --e-global-color-bd936e0 );}@media(min-width:768px){.elementor-3002 .elementor-element.elementor-element-afddaea{--content-width:300px;}}@media(max-width:1024px){.elementor-3002 .elementor-element.elementor-element-c7ca9dd{font-size:var( --e-global-typography-text-font-size );letter-spacing:var( --e-global-typography-text-letter-spacing );}.elementor-3002 .elementor-element.elementor-element-e6aaae0 .elementor-button{font-size:var( --e-global-typography-e80e5f9-font-size );line-height:var( --e-global-typography-e80e5f9-line-height );letter-spacing:var( --e-global-typography-e80e5f9-letter-spacing );word-spacing:var( --e-global-typography-e80e5f9-word-spacing );}}@media(max-width:767px){.elementor-3002 .elementor-element.elementor-element-c7ca9dd{font-size:var( --e-global-typography-text-font-size );letter-spacing:var( --e-global-typography-text-letter-spacing );}.elementor-3002 .elementor-element.elementor-element-e6aaae0 .elementor-button{font-size:var( --e-global-typography-e80e5f9-font-size );line-height:var( --e-global-typography-e80e5f9-line-height );letter-spacing:var( --e-global-typography-e80e5f9-letter-spacing );word-spacing:var( --e-global-typography-e80e5f9-word-spacing );}}<\/style><style>.elementor-3002 .elementor-element.elementor-element-afddaea{--display:flex;--flex-direction:column;--container-widget-width:100%;--container-widget-height:initial;--container-widget-flex-grow:0;--container-widget-align-self:initial;--flex-wrap-mobile:wrap;--gap:0px 0px;--row-gap:0px;--column-gap:0px;--flex-wrap:wrap;}.elementor-3002 .elementor-element.elementor-element-6a08692{margin:0em 0em calc(var(--kit-widget-spacing, 0px) + 1em) 0em;}.elementor-3002 .elementor-element.elementor-element-becab71{text-align:center;margin:0em 0em calc(var(--kit-widget-spacing, 0px) + 1em) 0em;padding:0em 0em 0em 0em;}.elementor-3002 .elementor-element.elementor-element-becab71 .elementor-heading-title{font-size:1.4em;}.elementor-3002 .elementor-element.elementor-element-c7ca9dd{text-align:center;font-family:var( --e-global-typography-text-font-family ), Sans-serif;font-size:var( --e-global-typography-text-font-size );font-weight:var( --e-global-typography-text-font-weight );letter-spacing:var( --e-global-typography-text-letter-spacing );color:var( --e-global-color-text );margin:0em 0em calc(var(--kit-widget-spacing, 0px) + -1em) 0em;padding:0em 0em 0em 0em;}.elementor-3002 .elementor-element.elementor-element-e6aaae0 .elementor-button{font-size:var( --e-global-typography-e80e5f9-font-size );text-transform:var( --e-global-typography-e80e5f9-text-transform );font-style:var( --e-global-typography-e80e5f9-font-style );text-decoration:var( --e-global-typography-e80e5f9-text-decoration );line-height:var( --e-global-typography-e80e5f9-line-height );letter-spacing:var( --e-global-typography-e80e5f9-letter-spacing );word-spacing:var( --e-global-typography-e80e5f9-word-spacing );fill:var( --e-global-color-text );color:var( --e-global-color-text );background-color:var( --e-global-color-4a39a64 );border-style:none;border-radius:0px 0px 0px 0px;padding:0px 0px 0px 0px;}.elementor-3002 .elementor-element.elementor-element-e6aaae0 .elementor-button:hover, .elementor-3002 .elementor-element.elementor-element-e6aaae0 .elementor-button:focus{color:var( --e-global-color-bd936e0 );}.elementor-3002 .elementor-element.elementor-element-e6aaae0 .elementor-button:hover svg, .elementor-3002 .elementor-element.elementor-element-e6aaae0 .elementor-button:focus svg{fill:var( --e-global-color-bd936e0 );}@media(min-width:768px){.elementor-3002 .elementor-element.elementor-element-afddaea{--content-width:300px;}}@media(max-width:1024px){.elementor-3002 .elementor-element.elementor-element-c7ca9dd{font-size:var( --e-global-typography-text-font-size );letter-spacing:var( --e-global-typography-text-letter-spacing );}.elementor-3002 .elementor-element.elementor-element-e6aaae0 .elementor-button{font-size:var( --e-global-typography-e80e5f9-font-size );line-height:var( --e-global-typography-e80e5f9-line-height );letter-spacing:var( --e-global-typography-e80e5f9-letter-spacing );word-spacing:var( --e-global-typography-e80e5f9-word-spacing );}}@media(max-width:767px){.elementor-3002 .elementor-element.elementor-element-c7ca9dd{font-size:var( --e-global-typography-text-font-size );letter-spacing:var( --e-global-typography-text-letter-spacing );}.elementor-3002 .elementor-element.elementor-element-e6aaae0 .elementor-button{font-size:var( --e-global-typography-e80e5f9-font-size );line-height:var( --e-global-typography-e80e5f9-line-height );letter-spacing:var( --e-global-typography-e80e5f9-letter-spacing );word-spacing:var( --e-global-typography-e80e5f9-word-spacing );}}<\/style>\t\t<div data-elementor-type=\"loop-item\" data-elementor-id=\"3002\" class=\"elementor elementor-3002 dce-elementor-rendering-id-1 e-loop-item e-loop-item-3924 post-3924 post type-post status-publish format-standard has-post-thumbnail hentry category-clanky category-aktuality tag-26\" data-elementor-post-type=\"elementor_library\" data-custom-edit-handle=\"1\">\n\t\t\t<div class=\"elementor-element elementor-element-afddaea e-flex e-con-boxed e-con e-parent\" data-id=\"afddaea\" data-element_type=\"container\" data-e-type=\"container\">\n\t\t\t\t\t<div class=\"e-con-inner\">\n\t\t\t\t<div class=\"elementor-element elementor-element-6a08692 elementor-widget elementor-widget-theme-post-featured-image elementor-widget-image\" data-id=\"6a08692\" data-element_type=\"widget\" data-e-type=\"widget\" data-widget_type=\"theme-post-featured-image.default\">\n\t\t\t\t\t\t\t\t\t\t\t\t\t\t\t<img fetchpriority=\"high\" decoding=\"async\" width=\"800\" height=\"671\" src=\"https:\/\/www.obernussdorf.sk\/wp-content\/uploads\/2025\/01\/2perc25.jpg\" class=\"attachment-large size-large wp-image-3925\" alt=\"VA\u0160E 2 % SA R\u00c1TAJ\u00da\" srcset=\"https:\/\/www.obernussdorf.sk\/wp-content\/uploads\/2025\/01\/2perc25.jpg 940w, https:\/\/www.obernussdorf.sk\/wp-content\/uploads\/2025\/01\/2perc25-300x251.jpg 300w, https:\/\/www.obernussdorf.sk\/wp-content\/uploads\/2025\/01\/2perc25-768x644.jpg 768w, https:\/\/www.obernussdorf.sk\/wp-content\/uploads\/2025\/01\/2perc25-14x12.jpg 14w\" sizes=\"(max-width: 800px) 100vw, 800px\" \/>\t\t\t\t\t\t\t\t\t\t\t\t\t\t\t<\/div>\n\t\t\t\t<div class=\"elementor-element elementor-element-becab71 elementor-widget elementor-widget-heading\" data-id=\"becab71\" data-element_type=\"widget\" data-e-type=\"widget\" data-widget_type=\"heading.default\">\n\t\t\t\t\t<h3 class=\"elementor-heading-title elementor-size-default\"><a href=\"https:\/\/www.obernussdorf.sk\/en\/2026\/clanky\/vase-2-sa-rataju\/\">VA\u0160E 2 % SA R\u00c1TAJ\u00da<\/a><\/h3>\t\t\t\t<\/div>\n\t\t\t\t<div data-dce-title-color=\"#535353\" class=\"elementor-element elementor-element-c7ca9dd elementor-widget elementor-widget-theme-post-excerpt\" data-id=\"c7ca9dd\" data-element_type=\"widget\" data-e-type=\"widget\" data-widget_type=\"theme-post-excerpt.default\">\n\t\t\t\t\t<p>VA\u0160E 2 % SA R\u00c1TAJ\u00da! Mil\u00ed priatelia, fan\u00fa\u0161ikovia a podporovatelia, 2% z Va\u0161ich dan\u00ed s\u00fa pre n\u00e1s prejavom d\u00f4very, ktor\u00fd...\t\t\t\t<\/div>\n\t\t\t\t<div class=\"elementor-element elementor-element-e6aaae0 elementor-align-center elementor-widget elementor-widget-button\" data-id=\"e6aaae0\" data-element_type=\"widget\" data-e-type=\"widget\" data-widget_type=\"button.default\">\n\t\t\t\t\t\t\t\t\t\t<a class=\"elementor-button elementor-button-link elementor-size-sm\" href=\"https:\/\/www.obernussdorf.sk\/en\/2026\/clanky\/vase-2-sa-rataju\/\">\n\t\t\t\t\t\t<span class=\"elementor-button-content-wrapper\">\n\t\t\t\t\t\t\t\t\t<span class=\"elementor-button-text\">Zisti viac...<\/span>\n\t\t\t\t\t<\/span>\n\t\t\t\t\t<\/a>\n\t\t\t\t\t\t\t\t<\/div>\n\t\t\t\t\t<\/div>\n\t\t\t\t<\/div>\n\t\t\t\t<\/div>\n\t\t\t\t\t<\/div>\n\t\t<\/article>\n\t\t\t\t\t<\/div>\n\t\t\t\t\t<\/div>\n\t\t\t\t\t\t<\/div>\n\t\t\t\t<\/div>\n\t\t\t\t\t<\/div>\n\t\t\t\t<\/div>\n\t\t<div class=\"elementor-element elementor-element-d63bea3 e-flex e-con-boxed e-con e-parent\" data-id=\"d63bea3\" data-element_type=\"container\" data-e-type=\"container\" data-settings=\"{&quot;background_background&quot;:&quot;classic&quot;,&quot;shape_divider_top&quot;:&quot;mountains&quot;,&quot;shape_divider_bottom&quot;:&quot;mountains&quot;}\">\n\t\t\t\t\t<div class=\"e-con-inner\">\n\t\t\t\t<div class=\"elementor-shape elementor-shape-top\" aria-hidden=\"true\" data-negative=\"false\">\n\t\t\t<svg xmlns=\"http:\/\/www.w3.org\/2000\/svg\" viewbox=\"0 0 1000 100\" preserveaspectratio=\"none\">\n\t<path class=\"elementor-shape-fill\" opacity=\"0.33\" d=\"M473,67.3c-203.9,88.3-263.1-34-320.3,0C66,119.1,0,59.7,0,59.7V0h1000v59.7 c0,0-62.1,26.1-94.9,29.3c-32.8,3.3-62.8-12.3-75.8-22.1C806,49.6,745.3,8.7,694.9,4.7S492.4,59,473,67.3z\"\/>\n\t<path class=\"elementor-shape-fill\" opacity=\"0.66\" d=\"M734,67.3c-45.5,0-77.2-23.2-129.1-39.1c-28.6-8.7-150.3-10.1-254,39.1 s-91.7-34.4-149.2,0C115.7,118.3,0,39.8,0,39.8V0h1000v36.5c0,0-28.2-18.5-92.1-18.5C810.2,18.1,775.7,67.3,734,67.3z\"\/>\n\t<path class=\"elementor-shape-fill\" d=\"M766.1,28.9c-200-57.5-266,65.5-395.1,19.5C242,1.8,242,5.4,184.8,20.6C128,35.8,132.3,44.9,89.9,52.5C28.6,63.7,0,0,0,0 h1000c0,0-9.9,40.9-83.6,48.1S829.6,47,766.1,28.9z\"\/>\n<\/svg>\t\t<\/div>\n\t\t\t\t<div class=\"elementor-shape elementor-shape-bottom\" aria-hidden=\"true\" data-negative=\"false\">\n\t\t\t<svg xmlns=\"http:\/\/www.w3.org\/2000\/svg\" viewbox=\"0 0 1000 100\" preserveaspectratio=\"none\">\n\t<path class=\"elementor-shape-fill\" opacity=\"0.33\" d=\"M473,67.3c-203.9,88.3-263.1-34-320.3,0C66,119.1,0,59.7,0,59.7V0h1000v59.7 c0,0-62.1,26.1-94.9,29.3c-32.8,3.3-62.8-12.3-75.8-22.1C806,49.6,745.3,8.7,694.9,4.7S492.4,59,473,67.3z\"\/>\n\t<path class=\"elementor-shape-fill\" opacity=\"0.66\" d=\"M734,67.3c-45.5,0-77.2-23.2-129.1-39.1c-28.6-8.7-150.3-10.1-254,39.1 s-91.7-34.4-149.2,0C115.7,118.3,0,39.8,0,39.8V0h1000v36.5c0,0-28.2-18.5-92.1-18.5C810.2,18.1,775.7,67.3,734,67.3z\"\/>\n\t<path class=\"elementor-shape-fill\" d=\"M766.1,28.9c-200-57.5-266,65.5-395.1,19.5C242,1.8,242,5.4,184.8,20.6C128,35.8,132.3,44.9,89.9,52.5C28.6,63.7,0,0,0,0 h1000c0,0-9.9,40.9-83.6,48.1S829.6,47,766.1,28.9z\"\/>\n<\/svg>\t\t<\/div>\n\t\t\t\t<div class=\"elementor-element elementor-element-51644ae elementor-widget elementor-widget-heading\" data-id=\"51644ae\" data-element_type=\"widget\" data-e-type=\"widget\" data-widget_type=\"heading.default\">\n\t\t\t\t\t<h2 class=\"elementor-heading-title elementor-size-default\">Najnov\u0161ie \u010dl\u00e1nky<\/h2>\t\t\t\t<\/div>\n\t\t\t\t<div class=\"elementor-element elementor-element-42ff66a elementor-widget elementor-widget-text-editor\" data-id=\"42ff66a\" data-element_type=\"widget\" data-e-type=\"widget\" data-widget_type=\"text-editor.default\">\n\t\t\t\t\t\t\t\t\t<p style=\"text-align: center;\">Nap\u00edsali sme pre v\u00e1s.<\/p>\t\t\t\t\t\t\t\t<\/div>\n\t\t\t\t<div class=\"elementor-element elementor-element-bc9c887 dce-posts-layout-template dce-carousel-effect-slide elementor-widget elementor-widget-dce-dynamicposts-v2\" data-id=\"bc9c887\" data-element_type=\"widget\" data-e-type=\"widget\" data-settings=\"{&quot;style_items&quot;:&quot;template&quot;,&quot;carousel_slidesPerView&quot;:3,&quot;carousel_speed_slider&quot;:1000,&quot;carousel_slidesColumn&quot;:1,&quot;carousel_loop&quot;:&quot;yes&quot;,&quot;carousel_grabCursor&quot;:&quot;yes&quot;,&quot;carousel_spaceBetween&quot;:20,&quot;carousel_slidesPerView_tablet&quot;:2,&quot;carousel_slidesPerView_mobile&quot;:1,&quot;templatemode_linkable&quot;:&quot;yes&quot;,&quot;carousel_match_height&quot;:&quot;yes&quot;,&quot;carousel_effects&quot;:&quot;slide&quot;,&quot;carousel_direction_slider&quot;:&quot;horizontal&quot;,&quot;carousel_slidesPerGroup&quot;:1,&quot;carousel_slidesOffsetBefore&quot;:0,&quot;carousel_slidesOffsetAfter&quot;:0,&quot;carousel_slidesPerColumnFill&quot;:&quot;row&quot;,&quot;carousel_centerInsufficientSlides&quot;:&quot;yes&quot;,&quot;carousel_usePagination&quot;:&quot;yes&quot;,&quot;carousel_pagination_type&quot;:&quot;bullets&quot;,&quot;carousel_dynamicBullets&quot;:&quot;yes&quot;,&quot;infiniteScroll_trigger&quot;:&quot;scroll&quot;}\" data-widget_type=\"dce-dynamicposts-v2.carousel\">\n\t\t\t\t<div class=\"elementor-widget-container\">\n\t\t\t\t\t\t\t<div class=\"dce-posts-container dce-posts\">\n\t\t\t<div class=\"dce-posts-fallback\">\n\t\t\t\t<p><p style=\"text-align: center;\">Pripravujeme...<\/p><\/p>\t\t\t<\/div>\n\t\t<\/div>\n\t\t\t\t\t\t<\/div>\n\t\t\t\t<\/div>\n\t\t\t\t\t<\/div>\n\t\t\t\t<\/div>\n\t\t<div class=\"elementor-element elementor-element-2af3580 e-flex e-con-boxed e-con e-parent\" data-id=\"2af3580\" data-element_type=\"container\" data-e-type=\"container\">\n\t\t\t\t\t<div class=\"e-con-inner\">\n\t\t\t\t<div class=\"elementor-element elementor-element-407a656 elementor-widget elementor-widget-heading\" data-id=\"407a656\" data-element_type=\"widget\" data-e-type=\"widget\" data-widget_type=\"heading.default\">\n\t\t\t\t\t<h2 class=\"elementor-heading-title elementor-size-default\">Historick\u00fd kalend\u00e1r<\/h2>\t\t\t\t<\/div>\n\t\t\t\t<div class=\"elementor-element elementor-element-2d2a9f0 elementor-widget elementor-widget-text-editor\" data-id=\"2d2a9f0\" data-element_type=\"widget\" data-e-type=\"widget\" data-widget_type=\"text-editor.default\">\n\t\t\t\t\t\t\t\t\t<p style=\"text-align: center;\">D\u00f4le\u017eit\u00e9 historick\u00e9 udalosti v na\u0161ej obci a regi\u00f3ne.<\/p>\t\t\t\t\t\t\t\t<\/div>\n\t\t\t\t<div class=\"elementor-element elementor-element-8b43b5c elementor-widget elementor-widget-dce-dynamicposts-v2\" data-id=\"8b43b5c\" data-element_type=\"widget\" data-e-type=\"widget\" data-settings=\"{&quot;timeline_timeline_rowspace&quot;:{&quot;unit&quot;:&quot;px&quot;,&quot;size&quot;:&quot;&quot;,&quot;sizes&quot;:[]},&quot;timeline_timeline_rowspace_tablet&quot;:{&quot;unit&quot;:&quot;px&quot;,&quot;size&quot;:&quot;&quot;,&quot;sizes&quot;:[]},&quot;timeline_timeline_rowspace_mobile&quot;:{&quot;unit&quot;:&quot;px&quot;,&quot;size&quot;:&quot;&quot;,&quot;sizes&quot;:[]},&quot;infiniteScroll_trigger&quot;:&quot;scroll&quot;}\" data-widget_type=\"dce-dynamicposts-v2.timeline\">\n\t\t\t\t<div class=\"elementor-widget-container\">\n\t\t\t\t\t\n\t\t<div class=\"dce-fix-background-loop dce-posts-container dce-posts dce-dynamic-posts-collection  dce-timeline js-dce-timeline dce-timeline-container dce-skin-timeline\">\n\t\t\t\t\t\t<div class=\"dce-posts-wrapper dce-timeline-wrapper dce-wrapper-timeline\">\n\t\t\t\n\t\t<div class=\"dce-timeline__block\">\n\t\t\t<div class=\"dce-timeline__img dce-timeline__img--picture dce-timeline__img--hidden\">\n\t\t\t\t\t\t\t\t\t<img decoding=\"async\" src=\"https:\/\/www.obernussdorf.sk\/wp-content\/uploads\/2025\/04\/Frantisek-Heger_2-150x150.jpg\" alt=\"Franti\u0161ek H\u00e9ger\">\n\t\t\t\t\t\t\t\t<\/div>\n\n\t\t\t<div class=\"dce-timeline__content dce-timeline__content--hidden\">\n\t\t<div class=\"dce-item dce-item_title elementor-repeater-item-c230473\"><span class=\"dce-post-title\">\u2020 21.12.1997 &#8211; zomrel Franti\u0161ek H\u00e9ger<\/span><\/div><div class=\"dce-item dce-item_readmore elementor-repeater-item-dc4df59\">\t\t<div class=\"dce-post-button\">\n\t\t\t<a href=\"https:\/\/www.obernussdorf.sk\/en\/historia\/%e2%80%a0-21-12-1997-zomrel-frantisek-heger\/\" class=\"elementor-button-link elementor-button dce-button elementor-size-xs\" role=\"button\" >\n\t\t\t...\t\t\t<\/a>\n\t\t<\/div>\n\t\t<\/div>\t\t\t<\/div>\n\t\t<\/div>\n\t\t\n\t\t<div class=\"dce-timeline__block\">\n\t\t\t<div class=\"dce-timeline__img dce-timeline__img--picture dce-timeline__img--hidden\">\n\t\t\t\t\t\t\t\t\t<img decoding=\"async\" src=\"https:\/\/www.obernussdorf.sk\/wp-content\/uploads\/2025\/04\/skautsky-tabor-1993-150x150.jpg\" alt=\"1. oddielu skautov Horn\u00e9 Ore\u0161any\">\n\t\t\t\t\t\t\t\t<\/div>\n\n\t\t\t<div class=\"dce-timeline__content dce-timeline__content--hidden\">\n\t\t<div class=\"dce-item dce-item_title elementor-repeater-item-c230473\"><span class=\"dce-post-title\">14.4.1990 &#8211; zalo\u017eenie 1. oddielu skautov &#8211; Ore\u0161ansk\u00ed vlci<\/span><\/div><div class=\"dce-item dce-item_readmore elementor-repeater-item-dc4df59\">\t\t<div class=\"dce-post-button\">\n\t\t\t<a href=\"https:\/\/www.obernussdorf.sk\/en\/historia\/zalozenie-dielu-skautov-oresanski-vlci\/\" class=\"elementor-button-link elementor-button dce-button elementor-size-xs\" role=\"button\" >\n\t\t\t...\t\t\t<\/a>\n\t\t<\/div>\n\t\t<\/div>\t\t\t<\/div>\n\t\t<\/div>\n\t\t\n\t\t<div class=\"dce-timeline__block\">\n\t\t\t<div class=\"dce-timeline__img dce-timeline__img--picture dce-timeline__img--hidden\">\n\t\t\t\t\t\t\t\t\t<img decoding=\"async\" src=\"https:\/\/www.obernussdorf.sk\/wp-content\/uploads\/2025\/04\/Jan-Hecko_1-150x150.jpg\" alt=\"J\u00e1n He\u010dko_1\">\n\t\t\t\t\t\t\t\t<\/div>\n\n\t\t\t<div class=\"dce-timeline__content dce-timeline__content--hidden\">\n\t\t<div class=\"dce-item dce-item_title elementor-repeater-item-c230473\"><span class=\"dce-post-title\">\u2020 25.2.1983 &#8211; zomrel J\u00e1n He\u010dko<\/span><\/div><div class=\"dce-item dce-item_readmore elementor-repeater-item-dc4df59\">\t\t<div class=\"dce-post-button\">\n\t\t\t<a href=\"https:\/\/www.obernussdorf.sk\/en\/historia\/%e2%80%a0-25-2-1983-zomrel-jan-hecko\/\" class=\"elementor-button-link elementor-button dce-button elementor-size-xs\" role=\"button\" >\n\t\t\t...\t\t\t<\/a>\n\t\t<\/div>\n\t\t<\/div>\t\t\t<\/div>\n\t\t<\/div>\n\t\t\n\t\t<div class=\"dce-timeline__block\">\n\t\t\t<div class=\"dce-timeline__img dce-timeline__img--picture dce-timeline__img--hidden\">\n\t\t\t\t\t\t\t<\/div>\n\n\t\t\t<div class=\"dce-timeline__content dce-timeline__content--hidden\">\n\t\t<div class=\"dce-item dce-item_title elementor-repeater-item-c230473\"><span class=\"dce-post-title\">\u2020 12.5.1976 &#8211; zomrel Viktor Br\u00f3s<\/span><\/div><div class=\"dce-item dce-item_readmore elementor-repeater-item-dc4df59\">\t\t<div class=\"dce-post-button\">\n\t\t\t<a href=\"https:\/\/www.obernussdorf.sk\/en\/historia\/viktor-bros\/\" class=\"elementor-button-link elementor-button dce-button elementor-size-xs\" role=\"button\" >\n\t\t\t...\t\t\t<\/a>\n\t\t<\/div>\n\t\t<\/div>\t\t\t<\/div>\n\t\t<\/div>\n\t\t\n\t\t<div class=\"dce-timeline__block\">\n\t\t\t<div class=\"dce-timeline__img dce-timeline__img--picture dce-timeline__img--hidden\">\n\t\t\t\t\t\t\t\t\t<img decoding=\"async\" src=\"https:\/\/www.obernussdorf.sk\/wp-content\/uploads\/2024\/10\/347405985_1668737963592877_5351025578511765760_n-1-150x150.jpg\" alt=\"Letisko\">\n\t\t\t\t\t\t\t\t<\/div>\n\n\t\t\t<div class=\"dce-timeline__content dce-timeline__content--hidden\">\n\t\t<div class=\"dce-item dce-item_title elementor-repeater-item-c230473\"><span class=\"dce-post-title\">1953 &#8211; koniec lietania na klz\u00e1koch v\u00a0Horn\u00fdch Ore\u0161anoch<\/span><\/div><div class=\"dce-item dce-item_readmore elementor-repeater-item-dc4df59\">\t\t<div class=\"dce-post-button\">\n\t\t\t<a href=\"https:\/\/www.obernussdorf.sk\/en\/historia\/1953-koniec-lietania-na-klzakoch-v-hornych-oresanoch\/\" class=\"elementor-button-link elementor-button dce-button elementor-size-xs\" role=\"button\" >\n\t\t\t...\t\t\t<\/a>\n\t\t<\/div>\n\t\t<\/div>\t\t\t<\/div>\n\t\t<\/div>\n\t\t\n\t\t<div class=\"dce-timeline__block\">\n\t\t\t<div class=\"dce-timeline__img dce-timeline__img--picture dce-timeline__img--hidden\">\n\t\t\t\t\t\t\t\t\t<img decoding=\"async\" src=\"https:\/\/www.obernussdorf.sk\/wp-content\/uploads\/2024\/10\/374278773_789660179831908_5572811431489679097_n-150x150.jpg\" alt=\"Organ - Variant A\">\n\t\t\t\t\t\t\t\t<\/div>\n\n\t\t\t<div class=\"dce-timeline__content dce-timeline__content--hidden\">\n\t\t<div class=\"dce-item dce-item_title elementor-repeater-item-c230473\"><span class=\"dce-post-title\">12.9.1948 &#8211; Sl\u00e1vnostn\u00e1 vysviacka nov\u00e9ho organu<\/span><\/div><div class=\"dce-item dce-item_readmore elementor-repeater-item-dc4df59\">\t\t<div class=\"dce-post-button\">\n\t\t\t<a href=\"https:\/\/www.obernussdorf.sk\/en\/historia\/12-9-1948-slavnostna-vysviacka-noveho-organu\/\" class=\"elementor-button-link elementor-button dce-button elementor-size-xs\" role=\"button\" >\n\t\t\t...\t\t\t<\/a>\n\t\t<\/div>\n\t\t<\/div>\t\t\t<\/div>\n\t\t<\/div>\n\t\t\n\t\t<div class=\"dce-timeline__block\">\n\t\t\t<div class=\"dce-timeline__img dce-timeline__img--picture dce-timeline__img--hidden\">\n\t\t\t\t\t\t\t\t\t<img decoding=\"async\" src=\"https:\/\/www.obernussdorf.sk\/wp-content\/uploads\/2025\/04\/488191582_1204704731660782_123912284971407444_n-150x150.jpg\" alt=\"Pomn\u00edk oslobodite\u013eom\">\n\t\t\t\t\t\t\t\t<\/div>\n\n\t\t\t<div class=\"dce-timeline__content dce-timeline__content--hidden\">\n\t\t<div class=\"dce-item dce-item_title elementor-repeater-item-c230473\"><span class=\"dce-post-title\">2.4.1945 &#8211; oslobodenie obce \u010cervenou arm\u00e1dou<\/span><\/div><div class=\"dce-item dce-item_readmore elementor-repeater-item-dc4df59\">\t\t<div class=\"dce-post-button\">\n\t\t\t<a href=\"https:\/\/www.obernussdorf.sk\/en\/historia\/2-4-1945-oslobodenie-obce-cervenou-armadou\/\" class=\"elementor-button-link elementor-button dce-button elementor-size-xs\" role=\"button\" >\n\t\t\t...\t\t\t<\/a>\n\t\t<\/div>\n\t\t<\/div>\t\t\t<\/div>\n\t\t<\/div>\n\t\t\n\t\t<div class=\"dce-timeline__block\">\n\t\t\t<div class=\"dce-timeline__img dce-timeline__img--picture dce-timeline__img--hidden\">\n\t\t\t\t\t\t\t\t\t<img decoding=\"async\" src=\"https:\/\/www.obernussdorf.sk\/wp-content\/uploads\/2024\/10\/375198503_786330890164837_3794456345234216266_n1-150x150.jpg\" alt=\"Rodina Erde\u0161iov\u00e1\">\n\t\t\t\t\t\t\t\t<\/div>\n\n\t\t\t<div class=\"dce-timeline__content dce-timeline__content--hidden\">\n\t\t<div class=\"dce-item dce-item_title elementor-repeater-item-c230473\"><span class=\"dce-post-title\">11.4.1942 &#8211; deport\u00e1cia Hornoore\u0161anch\u00fdch \u017eidov do koncentra\u010dn\u00fdch t\u00e1borov<\/span><\/div><div class=\"dce-item dce-item_readmore elementor-repeater-item-dc4df59\">\t\t<div class=\"dce-post-button\">\n\t\t\t<a href=\"https:\/\/www.obernussdorf.sk\/en\/historia\/11-4-1942-deportacia-hornooresanchych-zidov-do-koncentracnych-taborov\/\" class=\"elementor-button-link elementor-button dce-button elementor-size-xs\" role=\"button\" >\n\t\t\t...\t\t\t<\/a>\n\t\t<\/div>\n\t\t<\/div>\t\t\t<\/div>\n\t\t<\/div>\n\t\t\n\t\t<div class=\"dce-timeline__block\">\n\t\t\t<div class=\"dce-timeline__img dce-timeline__img--picture dce-timeline__img--hidden\">\n\t\t\t\t\t\t\t\t\t<img decoding=\"async\" src=\"https:\/\/www.obernussdorf.sk\/wp-content\/uploads\/2024\/10\/347405985_1668737963592877_5351025578511765760_n-1-150x150.jpg\" alt=\"Letisko\">\n\t\t\t\t\t\t\t\t<\/div>\n\n\t\t\t<div class=\"dce-timeline__content dce-timeline__content--hidden\">\n\t\t<div class=\"dce-item dce-item_title elementor-repeater-item-c230473\"><span class=\"dce-post-title\">1938 &#8211; za\u010diatok lietania na klz\u00e1koch v\u00a0Horn\u00fdch Ore\u0161anoch<\/span><\/div><div class=\"dce-item dce-item_readmore elementor-repeater-item-dc4df59\">\t\t<div class=\"dce-post-button\">\n\t\t\t<a href=\"https:\/\/www.obernussdorf.sk\/en\/historia\/lietanie-klzakov-v-hornych-oresanoch\/\" class=\"elementor-button-link elementor-button dce-button elementor-size-xs\" role=\"button\" >\n\t\t\t...\t\t\t<\/a>\n\t\t<\/div>\n\t\t<\/div>\t\t\t<\/div>\n\t\t<\/div>\n\t\t\n\t\t<div class=\"dce-timeline__block\">\n\t\t\t<div class=\"dce-timeline__img dce-timeline__img--picture dce-timeline__img--hidden\">\n\t\t\t\t\t\t\t<\/div>\n\n\t\t\t<div class=\"dce-timeline__content dce-timeline__content--hidden\">\n\t\t<div class=\"dce-item dce-item_title elementor-repeater-item-c230473\"><span class=\"dce-post-title\">16.8.1937 &#8211; Vojensk\u00e9 cvi\u010denie<\/span><\/div><div class=\"dce-item dce-item_readmore elementor-repeater-item-dc4df59\">\t\t<div class=\"dce-post-button\">\n\t\t\t<a href=\"https:\/\/www.obernussdorf.sk\/en\/historia\/16-8-1937-vojenske-cvicenie\/\" class=\"elementor-button-link elementor-button dce-button elementor-size-xs\" role=\"button\" >\n\t\t\t...\t\t\t<\/a>\n\t\t<\/div>\n\t\t<\/div>\t\t\t<\/div>\n\t\t<\/div>\n\t\t\n\t\t<div class=\"dce-timeline__block\">\n\t\t\t<div class=\"dce-timeline__img dce-timeline__img--picture dce-timeline__img--hidden\">\n\t\t\t\t\t\t\t\t\t<img decoding=\"async\" src=\"https:\/\/www.obernussdorf.sk\/wp-content\/uploads\/2025\/04\/Frantisek-Heger_2-1-150x150.jpg\" alt=\"Franti\u0161ek H\u00e9ger\">\n\t\t\t\t\t\t\t\t<\/div>\n\n\t\t\t<div class=\"dce-timeline__content dce-timeline__content--hidden\">\n\t\t<div class=\"dce-item dce-item_title elementor-repeater-item-c230473\"><span class=\"dce-post-title\">* 11.2.1930 &#8211; narodil sa Franti\u0161ek H\u00e9ger<\/span><\/div><div class=\"dce-item dce-item_readmore elementor-repeater-item-dc4df59\">\t\t<div class=\"dce-post-button\">\n\t\t\t<a href=\"https:\/\/www.obernussdorf.sk\/en\/historia\/11-2-1930-narodil-sa-frantisek-heger\/\" class=\"elementor-button-link elementor-button dce-button elementor-size-xs\" role=\"button\" >\n\t\t\t...\t\t\t<\/a>\n\t\t<\/div>\n\t\t<\/div>\t\t\t<\/div>\n\t\t<\/div>\n\t\t\n\t\t<div class=\"dce-timeline__block\">\n\t\t\t<div class=\"dce-timeline__img dce-timeline__img--picture dce-timeline__img--hidden\">\n\t\t\t\t\t\t\t<\/div>\n\n\t\t\t<div class=\"dce-timeline__content dce-timeline__content--hidden\">\n\t\t<div class=\"dce-item dce-item_title elementor-repeater-item-c230473\"><span class=\"dce-post-title\">1925 &#8211; Vojensk\u00e9 cvi\u010denie<\/span><\/div><div class=\"dce-item dce-item_readmore elementor-repeater-item-dc4df59\">\t\t<div class=\"dce-post-button\">\n\t\t\t<a href=\"https:\/\/www.obernussdorf.sk\/en\/historia\/1925\/\" class=\"elementor-button-link elementor-button dce-button elementor-size-xs\" role=\"button\" >\n\t\t\t...\t\t\t<\/a>\n\t\t<\/div>\n\t\t<\/div>\t\t\t<\/div>\n\t\t<\/div>\n\t\t\n\t\t<div class=\"dce-timeline__block\">\n\t\t\t<div class=\"dce-timeline__img dce-timeline__img--picture dce-timeline__img--hidden\">\n\t\t\t\t\t\t\t\t\t<img decoding=\"async\" src=\"https:\/\/www.obernussdorf.sk\/wp-content\/uploads\/2024\/10\/281300804_417474203717176_8476176027807377871_n-150x150.jpg\" alt=\"Viktor Br\u00f3s, Mikul\u00e1\u0161 Schneider Trnavsk\u00fd a krojovanci\">\n\t\t\t\t\t\t\t\t<\/div>\n\n\t\t\t<div class=\"dce-timeline__content dce-timeline__content--hidden\">\n\t\t<div class=\"dce-item dce-item_title elementor-repeater-item-c230473\"><span class=\"dce-post-title\">*19.5.1922 &#8211; sa narodil Viktor Br\u00f3s<\/span><\/div><div class=\"dce-item dce-item_readmore elementor-repeater-item-dc4df59\">\t\t<div class=\"dce-post-button\">\n\t\t\t<a href=\"https:\/\/www.obernussdorf.sk\/en\/historia\/19-5-1922-sa-narodil-viktor-bros\/\" class=\"elementor-button-link elementor-button dce-button elementor-size-xs\" role=\"button\" >\n\t\t\t...\t\t\t<\/a>\n\t\t<\/div>\n\t\t<\/div>\t\t\t<\/div>\n\t\t<\/div>\n\t\t\n\t\t<div class=\"dce-timeline__block\">\n\t\t\t<div class=\"dce-timeline__img dce-timeline__img--picture dce-timeline__img--hidden\">\n\t\t\t\t\t\t\t<\/div>\n\n\t\t\t<div class=\"dce-timeline__content dce-timeline__content--hidden\">\n\t\t<div class=\"dce-item dce-item_title elementor-repeater-item-c230473\"><span class=\"dce-post-title\">1911 &#8211; postaven\u00e1 socha sv. Urbana<\/span><\/div><div class=\"dce-item dce-item_readmore elementor-repeater-item-dc4df59\">\t\t<div class=\"dce-post-button\">\n\t\t\t<a href=\"https:\/\/www.obernussdorf.sk\/en\/historia\/1911-postavena-socha-sv-urbana\/\" class=\"elementor-button-link elementor-button dce-button elementor-size-xs\" role=\"button\" >\n\t\t\t...\t\t\t<\/a>\n\t\t<\/div>\n\t\t<\/div>\t\t\t<\/div>\n\t\t<\/div>\n\t\t\n\t\t<div class=\"dce-timeline__block\">\n\t\t\t<div class=\"dce-timeline__img dce-timeline__img--picture dce-timeline__img--hidden\">\n\t\t\t\t\t\t\t\t\t<img decoding=\"async\" src=\"https:\/\/www.obernussdorf.sk\/wp-content\/uploads\/2025\/04\/Jan-Hecko_1-150x150.jpg\" alt=\"J\u00e1n He\u010dko_1\">\n\t\t\t\t\t\t\t\t<\/div>\n\n\t\t\t<div class=\"dce-timeline__content dce-timeline__content--hidden\">\n\t\t<div class=\"dce-item dce-item_title elementor-repeater-item-c230473\"><span class=\"dce-post-title\">* 8.2.1910 &#8211; narodil sa J\u00e1n He\u010dko<\/span><\/div><div class=\"dce-item dce-item_readmore elementor-repeater-item-dc4df59\">\t\t<div class=\"dce-post-button\">\n\t\t\t<a href=\"https:\/\/www.obernussdorf.sk\/en\/historia\/8-2-1910-sa-narodil-jan-hecko\/\" class=\"elementor-button-link elementor-button dce-button elementor-size-xs\" role=\"button\" >\n\t\t\t...\t\t\t<\/a>\n\t\t<\/div>\n\t\t<\/div>\t\t\t<\/div>\n\t\t<\/div>\n\t\t\n\t\t<div class=\"dce-timeline__block\">\n\t\t\t<div class=\"dce-timeline__img dce-timeline__img--picture dce-timeline__img--hidden\">\n\t\t\t\t\t\t\t<\/div>\n\n\t\t\t<div class=\"dce-timeline__content dce-timeline__content--hidden\">\n\t\t<div class=\"dce-item dce-item_title elementor-repeater-item-c230473\"><span class=\"dce-post-title\">1906 &#8211; zalo\u017eenie dychovej hudby<\/span><\/div><div class=\"dce-item dce-item_readmore elementor-repeater-item-dc4df59\">\t\t<div class=\"dce-post-button\">\n\t\t\t<a href=\"https:\/\/www.obernussdorf.sk\/en\/historia\/1906-zalozenie-dychovej-hudby\/\" class=\"elementor-button-link elementor-button dce-button elementor-size-xs\" role=\"button\" >\n\t\t\t...\t\t\t<\/a>\n\t\t<\/div>\n\t\t<\/div>\t\t\t<\/div>\n\t\t<\/div>\n\t\t\n\t\t<div class=\"dce-timeline__block\">\n\t\t\t<div class=\"dce-timeline__img dce-timeline__img--picture dce-timeline__img--hidden\">\n\t\t\t\t\t\t\t<\/div>\n\n\t\t\t<div class=\"dce-timeline__content dce-timeline__content--hidden\">\n\t\t<div class=\"dce-item dce-item_title elementor-repeater-item-c230473\"><span class=\"dce-post-title\">1905 &#8211; zalo\u017eenie Brastsva sv. Ru\u017eenca<\/span><\/div><div class=\"dce-item dce-item_readmore elementor-repeater-item-dc4df59\">\t\t<div class=\"dce-post-button\">\n\t\t\t<a href=\"https:\/\/www.obernussdorf.sk\/en\/historia\/1905-zalozenie-brastsva-sv-ruzenca\/\" class=\"elementor-button-link elementor-button dce-button elementor-size-xs\" role=\"button\" >\n\t\t\t...\t\t\t<\/a>\n\t\t<\/div>\n\t\t<\/div>\t\t\t<\/div>\n\t\t<\/div>\n\t\t\n\t\t<div class=\"dce-timeline__block\">\n\t\t\t<div class=\"dce-timeline__img dce-timeline__img--picture dce-timeline__img--hidden\">\n\t\t\t\t\t\t\t<\/div>\n\n\t\t\t<div class=\"dce-timeline__content dce-timeline__content--hidden\">\n\t\t<div class=\"dce-item dce-item_title elementor-repeater-item-c230473\"><span class=\"dce-post-title\">22.5.1903 &#8211; za\u010diatok v\u00fdstavby trate Smolenice &#8211; Horn\u00e9 Ore\u0161any<\/span><\/div><div class=\"dce-item dce-item_readmore elementor-repeater-item-dc4df59\">\t\t<div class=\"dce-post-button\">\n\t\t\t<a href=\"https:\/\/www.obernussdorf.sk\/en\/historia\/1903-zaciatok-vystavby-trate-smolenice-horne-oresany\/\" class=\"elementor-button-link elementor-button dce-button elementor-size-xs\" role=\"button\" >\n\t\t\t...\t\t\t<\/a>\n\t\t<\/div>\n\t\t<\/div>\t\t\t<\/div>\n\t\t<\/div>\n\t\t\n\t\t<div class=\"dce-timeline__block\">\n\t\t\t<div class=\"dce-timeline__img dce-timeline__img--picture dce-timeline__img--hidden\">\n\t\t\t\t\t\t\t<\/div>\n\n\t\t\t<div class=\"dce-timeline__content dce-timeline__content--hidden\">\n\t\t<div class=\"dce-item dce-item_title elementor-repeater-item-c230473\"><span class=\"dce-post-title\">10.10.1901 &#8211; schv\u00e1lenie prev\u00e1dzky Lesnej \u017eeleznice<\/span><\/div><div class=\"dce-item dce-item_readmore elementor-repeater-item-dc4df59\">\t\t<div class=\"dce-post-button\">\n\t\t\t<a href=\"https:\/\/www.obernussdorf.sk\/en\/historia\/1901-schvalenie-prevadzky-lesnej-zeleznice\/\" class=\"elementor-button-link elementor-button dce-button elementor-size-xs\" role=\"button\" >\n\t\t\t...\t\t\t<\/a>\n\t\t<\/div>\n\t\t<\/div>\t\t\t<\/div>\n\t\t<\/div>\n\t\t\n\t\t<div class=\"dce-timeline__block\">\n\t\t\t<div class=\"dce-timeline__img dce-timeline__img--picture dce-timeline__img--hidden\">\n\t\t\t\t\t\t\t<\/div>\n\n\t\t\t<div class=\"dce-timeline__content dce-timeline__content--hidden\">\n\t\t<div class=\"dce-item dce-item_title elementor-repeater-item-c230473\"><span class=\"dce-post-title\">1900 &#8211; za\u010diatok elektrifik\u00e1cie Chemickej tov\u00e1rne<\/span><\/div><div class=\"dce-item dce-item_readmore elementor-repeater-item-dc4df59\">\t\t<div class=\"dce-post-button\">\n\t\t\t<a href=\"https:\/\/www.obernussdorf.sk\/en\/historia\/1900-zaciatok-elektrifikacie-chemickej-tovarne\/\" class=\"elementor-button-link elementor-button dce-button elementor-size-xs\" role=\"button\" >\n\t\t\t...\t\t\t<\/a>\n\t\t<\/div>\n\t\t<\/div>\t\t\t<\/div>\n\t\t<\/div>\n\t\t\n\t\t<div class=\"dce-timeline__block\">\n\t\t\t<div class=\"dce-timeline__img dce-timeline__img--picture dce-timeline__img--hidden\">\n\t\t\t\t\t\t\t<\/div>\n\n\t\t\t<div class=\"dce-timeline__content dce-timeline__content--hidden\">\n\t\t<div class=\"dce-item dce-item_title elementor-repeater-item-c230473\"><span class=\"dce-post-title\">1898 &#8211; vysadenie lipy cis\u00e1rovnej Sisi<\/span><\/div><div class=\"dce-item dce-item_readmore elementor-repeater-item-dc4df59\">\t\t<div class=\"dce-post-button\">\n\t\t\t<a href=\"https:\/\/www.obernussdorf.sk\/en\/historia\/1898-vysadenie-lipy-cisarovnej-sisi\/\" class=\"elementor-button-link elementor-button dce-button elementor-size-xs\" role=\"button\" >\n\t\t\t...\t\t\t<\/a>\n\t\t<\/div>\n\t\t<\/div>\t\t\t<\/div>\n\t\t<\/div>\n\t\t\n\t\t<div class=\"dce-timeline__block\">\n\t\t\t<div class=\"dce-timeline__img dce-timeline__img--picture dce-timeline__img--hidden\">\n\t\t\t\t\t\t\t<\/div>\n\n\t\t\t<div class=\"dce-timeline__content dce-timeline__content--hidden\">\n\t\t<div class=\"dce-item dce-item_title elementor-repeater-item-c230473\"><span class=\"dce-post-title\">1897 &#8211; Zalo\u017eenie bratstva Najsv\u00e4tej\u0161ieho Srdca Je\u017ei\u0161ovho<\/span><\/div><div class=\"dce-item dce-item_readmore elementor-repeater-item-dc4df59\">\t\t<div class=\"dce-post-button\">\n\t\t\t<a href=\"https:\/\/www.obernussdorf.sk\/en\/historia\/1897-zalozenie-bratstva-najsvatejsieho-srdca-jezisovho\/\" class=\"elementor-button-link elementor-button dce-button elementor-size-xs\" role=\"button\" >\n\t\t\t...\t\t\t<\/a>\n\t\t<\/div>\n\t\t<\/div>\t\t\t<\/div>\n\t\t<\/div>\n\t\t\n\t\t<div class=\"dce-timeline__block\">\n\t\t\t<div class=\"dce-timeline__img dce-timeline__img--picture dce-timeline__img--hidden\">\n\t\t\t\t\t\t\t\t\t<img decoding=\"async\" src=\"https:\/\/www.obernussdorf.sk\/wp-content\/uploads\/2024\/10\/chemika-150x150.jpg\" alt=\"Chemick\u00e1 tov\u00e1re\u0148\">\n\t\t\t\t\t\t\t\t<\/div>\n\n\t\t\t<div class=\"dce-timeline__content dce-timeline__content--hidden\">\n\t\t<div class=\"dce-item dce-item_title elementor-repeater-item-c230473\"><span class=\"dce-post-title\">1883 &#8211; Chemick\u00e1 tov\u00e1re\u0148 na Majd\u00e1ne spusten\u00e1 do prev\u00e1dzky<\/span><\/div><div class=\"dce-item dce-item_readmore elementor-repeater-item-dc4df59\">\t\t<div class=\"dce-post-button\">\n\t\t\t<a href=\"https:\/\/www.obernussdorf.sk\/en\/historia\/1883-chemicka-tovaren-na-majdane-spustena-do-prevadzky\/\" class=\"elementor-button-link elementor-button dce-button elementor-size-xs\" role=\"button\" >\n\t\t\t...\t\t\t<\/a>\n\t\t<\/div>\n\t\t<\/div>\t\t\t<\/div>\n\t\t<\/div>\n\t\t\n\t\t<div class=\"dce-timeline__block\">\n\t\t\t<div class=\"dce-timeline__img dce-timeline__img--picture dce-timeline__img--hidden\">\n\t\t\t\t\t\t\t<\/div>\n\n\t\t\t<div class=\"dce-timeline__content dce-timeline__content--hidden\">\n\t\t<div class=\"dce-item dce-item_title elementor-repeater-item-c230473\"><span class=\"dce-post-title\">1800 &#8211; Ve\u013ek\u00fd po\u017eiar<\/span><\/div><div class=\"dce-item dce-item_readmore elementor-repeater-item-dc4df59\">\t\t<div class=\"dce-post-button\">\n\t\t\t<a href=\"https:\/\/www.obernussdorf.sk\/en\/historia\/velky-poziar\/\" class=\"elementor-button-link elementor-button dce-button elementor-size-xs\" role=\"button\" >\n\t\t\t...\t\t\t<\/a>\n\t\t<\/div>\n\t\t<\/div>\t\t\t<\/div>\n\t\t<\/div>\n\t\t\n\t\t<div class=\"dce-timeline__block\">\n\t\t\t<div class=\"dce-timeline__img dce-timeline__img--picture dce-timeline__img--hidden\">\n\t\t\t\t\t\t\t<\/div>\n\n\t\t\t<div class=\"dce-timeline__content dce-timeline__content--hidden\">\n\t\t<div class=\"dce-item dce-item_title elementor-repeater-item-c230473\"><span class=\"dce-post-title\">1790 &#8211; Zalo\u017eenie konopnej manufakt\u00fary<\/span><\/div><div class=\"dce-item dce-item_readmore elementor-repeater-item-dc4df59\">\t\t<div class=\"dce-post-button\">\n\t\t\t<a href=\"https:\/\/www.obernussdorf.sk\/en\/historia\/zalozenie-konopnej-manufaktury\/\" class=\"elementor-button-link elementor-button dce-button elementor-size-xs\" role=\"button\" >\n\t\t\t...\t\t\t<\/a>\n\t\t<\/div>\n\t\t<\/div>\t\t\t<\/div>\n\t\t<\/div>\n\t\t\n\t\t<div class=\"dce-timeline__block\">\n\t\t\t<div class=\"dce-timeline__img dce-timeline__img--picture dce-timeline__img--hidden\">\n\t\t\t\t\t\t\t\t\t<img decoding=\"async\" src=\"https:\/\/www.obernussdorf.sk\/wp-content\/uploads\/2024\/11\/Titulny-list-diela-Jozefa-Inocenta-Dezerickeho-150x150.jpg\" alt=\"Tituln\u00fd list diela Jozefa Inocenta De\u017eerick\u00e9ho\">\n\t\t\t\t\t\t\t\t<\/div>\n\n\t\t\t<div class=\"dce-timeline__content dce-timeline__content--hidden\">\n\t\t<div class=\"dce-item dce-item_title elementor-repeater-item-c230473\"><span class=\"dce-post-title\">* 16.11.1765 \u2013 zomrel Jozef Inocent De\u017eerick\u00fd<\/span><\/div><div class=\"dce-item dce-item_readmore elementor-repeater-item-dc4df59\">\t\t<div class=\"dce-post-button\">\n\t\t\t<a href=\"https:\/\/www.obernussdorf.sk\/en\/historia\/16-11-1765-zomrel-jozef-inocent-dezericky\/\" class=\"elementor-button-link elementor-button dce-button elementor-size-xs\" role=\"button\" >\n\t\t\t...\t\t\t<\/a>\n\t\t<\/div>\n\t\t<\/div>\t\t\t<\/div>\n\t\t<\/div>\n\t\t\n\t\t<div class=\"dce-timeline__block\">\n\t\t\t<div class=\"dce-timeline__img dce-timeline__img--picture dce-timeline__img--hidden\">\n\t\t\t\t\t\t\t<\/div>\n\n\t\t\t<div class=\"dce-timeline__content dce-timeline__content--hidden\">\n\t\t<div class=\"dce-item dce-item_title elementor-repeater-item-c230473\"><span class=\"dce-post-title\">3.5.1762 &#8211; zomrel Jozef Plecho<\/span><\/div><div class=\"dce-item dce-item_readmore elementor-repeater-item-dc4df59\">\t\t<div class=\"dce-post-button\">\n\t\t\t<a href=\"https:\/\/www.obernussdorf.sk\/en\/historia\/jozef-plecho\/\" class=\"elementor-button-link elementor-button dce-button elementor-size-xs\" role=\"button\" >\n\t\t\t...\t\t\t<\/a>\n\t\t<\/div>\n\t\t<\/div>\t\t\t<\/div>\n\t\t<\/div>\n\t\t\n\t\t<div class=\"dce-timeline__block\">\n\t\t\t<div class=\"dce-timeline__img dce-timeline__img--picture dce-timeline__img--hidden\">\n\t\t\t\t\t\t\t<\/div>\n\n\t\t\t<div class=\"dce-timeline__content dce-timeline__content--hidden\">\n\t\t<div class=\"dce-item dce-item_title elementor-repeater-item-c230473\"><span class=\"dce-post-title\">\u2020 6.3.1731 &#8211; zomrel Pavol Izakovi\u010d<\/span><\/div><div class=\"dce-item dce-item_readmore elementor-repeater-item-dc4df59\">\t\t<div class=\"dce-post-button\">\n\t\t\t<a href=\"https:\/\/www.obernussdorf.sk\/en\/historia\/%e2%80%a0-6-3-1731-zomrel-pavol-izakovic\/\" class=\"elementor-button-link elementor-button dce-button elementor-size-xs\" role=\"button\" >\n\t\t\t...\t\t\t<\/a>\n\t\t<\/div>\n\t\t<\/div>\t\t\t<\/div>\n\t\t<\/div>\n\t\t\n\t\t<div class=\"dce-timeline__block\">\n\t\t\t<div class=\"dce-timeline__img dce-timeline__img--picture dce-timeline__img--hidden\">\n\t\t\t\t\t\t\t<\/div>\n\n\t\t\t<div class=\"dce-timeline__content dce-timeline__content--hidden\">\n\t\t<div class=\"dce-item dce-item_title elementor-repeater-item-c230473\"><span class=\"dce-post-title\">22.3.1704 &#8211; bol vysv\u00e4ten\u00fd za k\u0148aza Pavol Izakovi\u010d<\/span><\/div><div class=\"dce-item dce-item_readmore elementor-repeater-item-dc4df59\">\t\t<div class=\"dce-post-button\">\n\t\t\t<a href=\"https:\/\/www.obernussdorf.sk\/en\/historia\/22-3-1704-bol-vysvateny-za-knaza-pavol-izakovic\/\" class=\"elementor-button-link elementor-button dce-button elementor-size-xs\" role=\"button\" >\n\t\t\t...\t\t\t<\/a>\n\t\t<\/div>\n\t\t<\/div>\t\t\t<\/div>\n\t\t<\/div>\n\t\t\n\t\t<div class=\"dce-timeline__block\">\n\t\t\t<div class=\"dce-timeline__img dce-timeline__img--picture dce-timeline__img--hidden\">\n\t\t\t\t\t\t\t\t\t<img decoding=\"async\" src=\"https:\/\/www.obernussdorf.sk\/wp-content\/uploads\/2024\/11\/Titulny-list-diela-Jozefa-Inocenta-Dezerickeho-150x150.jpg\" alt=\"Tituln\u00fd list diela Jozefa Inocenta De\u017eerick\u00e9ho\">\n\t\t\t\t\t\t\t\t<\/div>\n\n\t\t\t<div class=\"dce-timeline__content dce-timeline__content--hidden\">\n\t\t<div class=\"dce-item dce-item_title elementor-repeater-item-c230473\"><span class=\"dce-post-title\">* 25.3.1702 &#8211; sa narodil Jozef Inocent De\u017eerick\u00fd<\/span><\/div><div class=\"dce-item dce-item_readmore elementor-repeater-item-dc4df59\">\t\t<div class=\"dce-post-button\">\n\t\t\t<a href=\"https:\/\/www.obernussdorf.sk\/en\/historia\/jozef-inocent-dezericky\/\" class=\"elementor-button-link elementor-button dce-button elementor-size-xs\" role=\"button\" >\n\t\t\t...\t\t\t<\/a>\n\t\t<\/div>\n\t\t<\/div>\t\t\t<\/div>\n\t\t<\/div>\n\t\t\n\t\t<div class=\"dce-timeline__block\">\n\t\t\t<div class=\"dce-timeline__img dce-timeline__img--picture dce-timeline__img--hidden\">\n\t\t\t\t\t\t\t<\/div>\n\n\t\t\t<div class=\"dce-timeline__content dce-timeline__content--hidden\">\n\t\t<div class=\"dce-item dce-item_title elementor-repeater-item-c230473\"><span class=\"dce-post-title\">*1681 &#8211; sa narodil Pavol Izakovi\u010d<\/span><\/div><div class=\"dce-item dce-item_readmore elementor-repeater-item-dc4df59\">\t\t<div class=\"dce-post-button\">\n\t\t\t<a href=\"https:\/\/www.obernussdorf.sk\/en\/historia\/pavol-izakovic\/\" class=\"elementor-button-link elementor-button dce-button elementor-size-xs\" role=\"button\" >\n\t\t\t...\t\t\t<\/a>\n\t\t<\/div>\n\t\t<\/div>\t\t\t<\/div>\n\t\t<\/div>\n\t\t\n\t\t<div class=\"dce-timeline__block\">\n\t\t\t<div class=\"dce-timeline__img dce-timeline__img--picture dce-timeline__img--hidden\">\n\t\t\t\t\t\t\t<\/div>\n\n\t\t\t<div class=\"dce-timeline__content dce-timeline__content--hidden\">\n\t\t<div class=\"dce-item dce-item_title elementor-repeater-item-c230473\"><span class=\"dce-post-title\">1671 \u2013 udelen\u00e9 cechov\u00e9 obuvn\u00edcke pr\u00e1vo<\/span><\/div><div class=\"dce-item dce-item_readmore elementor-repeater-item-dc4df59\">\t\t<div class=\"dce-post-button\">\n\t\t\t<a href=\"https:\/\/www.obernussdorf.sk\/en\/historia\/1671-udelene-cechove-obuvnicke-pravo\/\" class=\"elementor-button-link elementor-button dce-button elementor-size-xs\" role=\"button\" >\n\t\t\t...\t\t\t<\/a>\n\t\t<\/div>\n\t\t<\/div>\t\t\t<\/div>\n\t\t<\/div>\n\t\t\n\t\t<div class=\"dce-timeline__block\">\n\t\t\t<div class=\"dce-timeline__img dce-timeline__img--picture dce-timeline__img--hidden\">\n\t\t\t\t\t\t\t<\/div>\n\n\t\t\t<div class=\"dce-timeline__content dce-timeline__content--hidden\">\n\t\t<div class=\"dce-item dce-item_title elementor-repeater-item-c230473\"><span class=\"dce-post-title\">1663 \u2013 spusto\u0161enie obce Turkami<\/span><\/div><div class=\"dce-item dce-item_readmore elementor-repeater-item-dc4df59\">\t\t<div class=\"dce-post-button\">\n\t\t\t<a href=\"https:\/\/www.obernussdorf.sk\/en\/historia\/1663-spustosenie-obce-turkami\/\" class=\"elementor-button-link elementor-button dce-button elementor-size-xs\" role=\"button\" >\n\t\t\t...\t\t\t<\/a>\n\t\t<\/div>\n\t\t<\/div>\t\t\t<\/div>\n\t\t<\/div>\n\t\t\n\t\t<div class=\"dce-timeline__block\">\n\t\t\t<div class=\"dce-timeline__img dce-timeline__img--picture dce-timeline__img--hidden\">\n\t\t\t\t\t\t\t<\/div>\n\n\t\t\t<div class=\"dce-timeline__content dce-timeline__content--hidden\">\n\t\t<div class=\"dce-item dce-item_title elementor-repeater-item-c230473\"><span class=\"dce-post-title\">*16.11.1645 \u2013 zomrel Petar Ljubi\u0107<\/span><\/div><div class=\"dce-item dce-item_readmore elementor-repeater-item-dc4df59\">\t\t<div class=\"dce-post-button\">\n\t\t\t<a href=\"https:\/\/www.obernussdorf.sk\/en\/historia\/16-11-1645-zomrel-petar-ljubic\/\" class=\"elementor-button-link elementor-button dce-button elementor-size-xs\" role=\"button\" >\n\t\t\t...\t\t\t<\/a>\n\t\t<\/div>\n\t\t<\/div>\t\t\t<\/div>\n\t\t<\/div>\n\t\t\n\t\t<div class=\"dce-timeline__block\">\n\t\t\t<div class=\"dce-timeline__img dce-timeline__img--picture dce-timeline__img--hidden\">\n\t\t\t\t\t\t\t<\/div>\n\n\t\t\t<div class=\"dce-timeline__content dce-timeline__content--hidden\">\n\t\t<div class=\"dce-item dce-item_title elementor-repeater-item-c230473\"><span class=\"dce-post-title\">1598 \u2013 prv\u00e1 p\u00edsomna zmienka o \u0161kole<\/span><\/div><div class=\"dce-item dce-item_readmore elementor-repeater-item-dc4df59\">\t\t<div class=\"dce-post-button\">\n\t\t\t<a href=\"https:\/\/www.obernussdorf.sk\/en\/historia\/1598-prva-pisomna-zmienka-o-skole\/\" class=\"elementor-button-link elementor-button dce-button elementor-size-xs\" role=\"button\" >\n\t\t\t...\t\t\t<\/a>\n\t\t<\/div>\n\t\t<\/div>\t\t\t<\/div>\n\t\t<\/div>\n\t\t\n\t\t<div class=\"dce-timeline__block\">\n\t\t\t<div class=\"dce-timeline__img dce-timeline__img--picture dce-timeline__img--hidden\">\n\t\t\t\t\t\t\t<\/div>\n\n\t\t\t<div class=\"dce-timeline__content dce-timeline__content--hidden\">\n\t\t<div class=\"dce-item dce-item_title elementor-repeater-item-c230473\"><span class=\"dce-post-title\">*28.6.1582 \u2013 narodil sa Petar Ljubi\u0107<\/span><\/div><div class=\"dce-item dce-item_readmore elementor-repeater-item-dc4df59\">\t\t<div class=\"dce-post-button\">\n\t\t\t<a href=\"https:\/\/www.obernussdorf.sk\/en\/historia\/28-6-1582-narodil-sa-petar-ljubic\/\" class=\"elementor-button-link elementor-button dce-button elementor-size-xs\" role=\"button\" >\n\t\t\t...\t\t\t<\/a>\n\t\t<\/div>\n\t\t<\/div>\t\t\t<\/div>\n\t\t<\/div>\n\t\t\n\t\t<div class=\"dce-timeline__block\">\n\t\t\t<div class=\"dce-timeline__img dce-timeline__img--picture dce-timeline__img--hidden\">\n\t\t\t\t\t\t\t<\/div>\n\n\t\t\t<div class=\"dce-timeline__content dce-timeline__content--hidden\">\n\t\t<div class=\"dce-item dce-item_title elementor-repeater-item-c230473\"><span class=\"dce-post-title\">1582 \u2013 pov\u00fd\u0161enie Horn\u00fdch Ore\u0161ian na meste\u010dko<\/span><\/div><div class=\"dce-item dce-item_readmore elementor-repeater-item-dc4df59\">\t\t<div class=\"dce-post-button\">\n\t\t\t<a href=\"https:\/\/www.obernussdorf.sk\/en\/historia\/1582-povysenie-hornych-oresian-na-mestecko\/\" class=\"elementor-button-link elementor-button dce-button elementor-size-xs\" role=\"button\" >\n\t\t\t...\t\t\t<\/a>\n\t\t<\/div>\n\t\t<\/div>\t\t\t<\/div>\n\t\t<\/div>\n\t\t\n\t\t<div class=\"dce-timeline__block\">\n\t\t\t<div class=\"dce-timeline__img dce-timeline__img--picture dce-timeline__img--hidden\">\n\t\t\t\t\t\t\t<\/div>\n\n\t\t\t<div class=\"dce-timeline__content dce-timeline__content--hidden\">\n\t\t<div class=\"dce-item dce-item_title elementor-repeater-item-c230473\"><span class=\"dce-post-title\">1569 &#8211; sa narodila Anna Maria Ungnad von Weissenwolff Erd\u00f6dy\u00a0<\/span><\/div><div class=\"dce-item dce-item_readmore elementor-repeater-item-dc4df59\">\t\t<div class=\"dce-post-button\">\n\t\t\t<a href=\"https:\/\/www.obernussdorf.sk\/en\/historia\/anna-maria-ungnad-von-weissenwolff-erdody\/\" class=\"elementor-button-link elementor-button dce-button elementor-size-xs\" role=\"button\" >\n\t\t\t...\t\t\t<\/a>\n\t\t<\/div>\n\t\t<\/div>\t\t\t<\/div>\n\t\t<\/div>\n\t\t\n\t\t<div class=\"dce-timeline__block\">\n\t\t\t<div class=\"dce-timeline__img dce-timeline__img--picture dce-timeline__img--hidden\">\n\t\t\t\t\t\t\t<\/div>\n\n\t\t\t<div class=\"dce-timeline__content dce-timeline__content--hidden\">\n\t\t<div class=\"dce-item dce-item_title elementor-repeater-item-c230473\"><span class=\"dce-post-title\">1390 \u2013 prv\u00e1 p\u00edsomn\u00e1 zmienka o samostatnej farnosti<\/span><\/div><div class=\"dce-item dce-item_readmore elementor-repeater-item-dc4df59\">\t\t<div class=\"dce-post-button\">\n\t\t\t<a href=\"https:\/\/www.obernussdorf.sk\/en\/historia\/1390-prva-pisomna-zmienka-o-samostatnej-farnosti\/\" class=\"elementor-button-link elementor-button dce-button elementor-size-xs\" role=\"button\" >\n\t\t\t...\t\t\t<\/a>\n\t\t<\/div>\n\t\t<\/div>\t\t\t<\/div>\n\t\t<\/div>\n\t\t\n\t\t<div class=\"dce-timeline__block\">\n\t\t\t<div class=\"dce-timeline__img dce-timeline__img--picture dce-timeline__img--hidden\">\n\t\t\t\t\t\t\t<\/div>\n\n\t\t\t<div class=\"dce-timeline__content dce-timeline__content--hidden\">\n\t\t<div class=\"dce-item dce-item_title elementor-repeater-item-c230473\"><span class=\"dce-post-title\">1388 \u2013 darovanie obce Stiborovi zo Stibor\u00edc<\/span><\/div><div class=\"dce-item dce-item_readmore elementor-repeater-item-dc4df59\">\t\t<div class=\"dce-post-button\">\n\t\t\t<a href=\"https:\/\/www.obernussdorf.sk\/en\/historia\/1388-darovanie-obce-stiborovi-zo-stiboric\/\" class=\"elementor-button-link elementor-button dce-button elementor-size-xs\" role=\"button\" >\n\t\t\t...\t\t\t<\/a>\n\t\t<\/div>\n\t\t<\/div>\t\t\t<\/div>\n\t\t<\/div>\n\t\t\n\t\t<div class=\"dce-timeline__block\">\n\t\t\t<div class=\"dce-timeline__img dce-timeline__img--picture dce-timeline__img--hidden\">\n\t\t\t\t\t\t\t<\/div>\n\n\t\t\t<div class=\"dce-timeline__content dce-timeline__content--hidden\">\n\t\t<div class=\"dce-item dce-item_title elementor-repeater-item-c230473\"><span class=\"dce-post-title\">1363 \u2013 pr\u00e1vo l\u00e1ma\u0165 kame\u0148 a r\u00faba\u0165 drevo v hor\u00e1ch Horn\u00fdch Ore\u0161ian<\/span><\/div><div class=\"dce-item dce-item_readmore elementor-repeater-item-dc4df59\">\t\t<div class=\"dce-post-button\">\n\t\t\t<a href=\"https:\/\/www.obernussdorf.sk\/en\/historia\/1363-pravo-lamat-kamen-a-rubat-drevo-v-horach-hornych-oresian\/\" class=\"elementor-button-link elementor-button dce-button elementor-size-xs\" role=\"button\" >\n\t\t\t...\t\t\t<\/a>\n\t\t<\/div>\n\t\t<\/div>\t\t\t<\/div>\n\t\t<\/div>\n\t\t\n\t\t<div class=\"dce-timeline__block\">\n\t\t\t<div class=\"dce-timeline__img dce-timeline__img--picture dce-timeline__img--hidden\">\n\t\t\t\t\t\t\t<\/div>\n\n\t\t\t<div class=\"dce-timeline__content dce-timeline__content--hidden\">\n\t\t<div class=\"dce-item dce-item_title elementor-repeater-item-c230473\"><span class=\"dce-post-title\">1296 &#8211; prv\u00e1 p\u00edsomn\u00e1 zmienka o obci Horn\u00e9 Ore\u0161any<\/span><\/div><div class=\"dce-item dce-item_readmore elementor-repeater-item-dc4df59\">\t\t<div class=\"dce-post-button\">\n\t\t\t<a href=\"https:\/\/www.obernussdorf.sk\/en\/historia\/1296-prva-pisomna-zmienka-o-obci-horne-oresany\/\" class=\"elementor-button-link elementor-button dce-button elementor-size-xs\" role=\"button\" >\n\t\t\t...\t\t\t<\/a>\n\t\t<\/div>\n\t\t<\/div>\t\t\t<\/div>\n\t\t<\/div>\n\t\t\t\t\t<\/div>\n\t\t\t\t\t<\/div>\n\t\t\t\t\t\t<\/div>\n\t\t\t\t<\/div>\n\t\t\t\t\t<\/div>\n\t\t\t\t<\/div>\n\t\t\t\t<\/div>","protected":false},"excerpt":{"rendered":"<p>Aktuality Pr\u00e1ve sa deje. Pripravujeme&#8230; Najnov\u0161ie \u010dl\u00e1nky Nap\u00edsali sme pre v\u00e1s. Zisti viac&#8230; Zisti viac&#8230; Zisti viac&#8230; Zisti viac&#8230; Historick\u00fd kalend\u00e1r D\u00f4le\u017eit\u00e9 historick\u00e9 udalosti v na\u0161ej obci a regi\u00f3ne. \u2020 21.12.1997 &#8211; zomrel Franti\u0161ek H\u00e9ger &#8230; 14.4.1990 &#8211; zalo\u017eenie 1. oddielu skautov &#8211; Ore\u0161ansk\u00ed vlci &#8230; \u2020 25.2.1983 &#8211; zomrel J\u00e1n He\u010dko &#8230; \u2020 12.5.1976 [&hellip;]<\/p>\n","protected":false},"author":1,"featured_media":0,"parent":0,"menu_order":1,"comment_status":"closed","ping_status":"closed","template":"","meta":{"inline_featured_image":false,"footnotes":""},"class_list":["post-2628","page","type-page","status-publish","hentry"],"_links":{"self":[{"href":"https:\/\/www.obernussdorf.sk\/en\/wp-json\/wp\/v2\/pages\/2628","targetHints":{"allow":["GET"]}}],"collection":[{"href":"https:\/\/www.obernussdorf.sk\/en\/wp-json\/wp\/v2\/pages"}],"about":[{"href":"https:\/\/www.obernussdorf.sk\/en\/wp-json\/wp\/v2\/types\/page"}],"author":[{"embeddable":true,"href":"https:\/\/www.obernussdorf.sk\/en\/wp-json\/wp\/v2\/users\/1"}],"replies":[{"embeddable":true,"href":"https:\/\/www.obernussdorf.sk\/en\/wp-json\/wp\/v2\/comments?post=2628"}],"version-history":[{"count":187,"href":"https:\/\/www.obernussdorf.sk\/en\/wp-json\/wp\/v2\/pages\/2628\/revisions"}],"predecessor-version":[{"id":4447,"href":"https:\/\/www.obernussdorf.sk\/en\/wp-json\/wp\/v2\/pages\/2628\/revisions\/4447"}],"wp:attachment":[{"href":"https:\/\/www.obernussdorf.sk\/en\/wp-json\/wp\/v2\/media?parent=2628"}],"curies":[{"name":"wp","href":"https:\/\/api.w.org\/{rel}","templated":true}]}}